{"id":16,"date":"2022-03-24T14:00:00","date_gmt":"2022-03-24T13:00:00","guid":{"rendered":"https:\/\/cslimoges.fr\/site\/?page_id=16"},"modified":"2026-08-27T09:53:01","modified_gmt":"2026-08-27T07:53:01","slug":"bienvenue-sur-le-site-de-lassociation-naturiste-de-limoges-et-du-limousin","status":"publish","type":"page","link":"https:\/\/cslimoges.fr\/site\/","title":{"rendered":"0 Site du Club du Soleil"},"content":{"rendered":"\n<div class=\"wp-block-group\"><div class=\"wp-block-group__inner-container is-layout-constrained wp-block-group-is-layout-constrained\">\n<p class=\"wp-block-paragraph\"><\/p>\n\n\n\n<p class=\"has-text-align-center has-text-color has-link-color has-x-large-font-size wp-elements-1 wp-block-paragraph\" style=\"color:#008f5a\"><strong>Bienvenue au Club du Soleil de Limoges !<\/strong><\/p>\n\n\n\n<div style=\"height:40px\" aria-hidden=\"true\" class=\"wp-block-spacer\"><\/div>\n\n\n\n<p class=\"has-text-align-center has-medium-font-size wp-block-paragraph\"><strong>Avant d&rsquo;aller plus loin, sachez que vous venez d&rsquo;acc\u00e9der \u00e0 un site naturiste tenu par des naturistes, pour des naturistes. Vous ne trouverez pas ici de photos \u00ab\u00a0croustillantes\u00a0\u00bb. \u2028<\/strong><\/p>\n\n\n\n<p class=\"has-text-align-center has-medium-font-size wp-block-paragraph\"><strong>Si vous cherchez \u00e0 d\u00e9couvrir un mode de vie, \u00e0 connaitre notre Club et nos activit\u00e9s, <\/strong><\/p>\n\n\n\n<p class=\"has-text-align-center has-medium-font-size wp-block-paragraph\"><strong>Si vous chercher un camping naturiste <\/strong><\/p>\n\n\n\n<p class=\"has-text-align-center has-medium-font-size wp-block-paragraph\"><strong>Soyez le bienve&#8230;nu(e) !\u2028<\/strong><\/p>\n\n\n\n<div style=\"height:27px\" aria-hidden=\"true\" class=\"wp-block-spacer\"><\/div>\n\n\n\n<h3 class=\"wp-block-heading has-text-align-center\">\ud83c\udfd5\ufe0f \ud83c\udfd5\ufe0f\ud83c\udfd5\ufe0f<\/h3>\n\n\n\n<h3 class=\"wp-block-heading has-text-align-center\">Le camping de Bos-Redon a ferm\u00e9 ses portes hier, nous esp\u00e9rons que les campeurs de cette ann\u00e9e ont pass\u00e9 un bon s\u00e9jour et nous nous donnons rendez-vous d\u00e8s l&rsquo;an prochain !<\/h3>\n\n\n\n<h3 class=\"wp-block-heading has-text-align-center\">\ud83c\udfd5\ufe0f\ud83c\udfd5\ufe0f\ud83c\udfd5\ufe0f<\/h3>\n\n\n\n<div style=\"height:39px\" aria-hidden=\"true\" class=\"wp-block-spacer\"><\/div>\n\n\n\n<div class=\"wp-block-columns is-layout-flex wp-container-core-columns-is-layout-8f761849 wp-block-columns-is-layout-flex\">\n<div class=\"wp-block-column is-layout-flow wp-block-column-is-layout-flow\"><div class=\"wp-block-image\">\n<figure class=\"aligncenter size-large is-resized\"><a href=\"https:\/\/www.helloasso.com\/associations\/club-du-soleil-de-limoges\/boutiques\/t-shirt-club-du-soleil-2026\" target=\"_blank\" rel=\" noreferrer noopener\"><img loading=\"lazy\" decoding=\"async\" width=\"1024\" height=\"771\" src=\"https:\/\/cslimoges.fr\/site\/wp-content\/uploads\/2026\/06\/collection-1024x771.jpg\" alt=\"\" class=\"wp-image-4887\" style=\"aspect-ratio:1.3281332178638519;width:681px;height:auto\" srcset=\"https:\/\/cslimoges.fr\/site\/wp-content\/uploads\/2026\/06\/collection-1024x771.jpg 1024w, https:\/\/cslimoges.fr\/site\/wp-content\/uploads\/2026\/06\/collection-300x226.jpg 300w, https:\/\/cslimoges.fr\/site\/wp-content\/uploads\/2026\/06\/collection-768x578.jpg 768w, https:\/\/cslimoges.fr\/site\/wp-content\/uploads\/2026\/06\/collection-1536x1157.jpg 1536w, https:\/\/cslimoges.fr\/site\/wp-content\/uploads\/2026\/06\/collection-2048x1542.jpg 2048w, https:\/\/cslimoges.fr\/site\/wp-content\/uploads\/2026\/06\/collection-1140x858.jpg 1140w\" sizes=\"auto, (max-width: 1024px) 100vw, 1024px\" \/><\/a><\/figure>\n<\/div><\/div>\n<\/div>\n\n\n\n<p class=\"has-text-align-center wp-block-paragraph\">Le club met en vente une collection de T-shirt avec le nouveau logo du club. Vous pouvez les retrouver sur HELLO ASSO :<\/p>\n\n\n\n<h2 class=\"wp-block-heading has-text-align-center\"><a href=\"https:\/\/www.helloasso.com\/associations\/club-du-soleil-de-limoges\/boutiques\/t-shirt-club-du-soleil-2026\" target=\"_blank\" rel=\"noreferrer noopener\">\ud83d\uded2 ICI \ud83d\uded2<\/a><\/h2>\n\n\n\n<div style=\"height:46px\" aria-hidden=\"true\" class=\"wp-block-spacer\"><\/div>\n\n\n\n<p class=\"has-text-color has-link-color has-medium-font-size wp-elements-2 wp-block-paragraph\" style=\"color:#008f5a\"><strong><mark style=\"background-color:#00d084\" class=\"has-inline-color has-white-color\">En ce moment le Club organise :<\/mark><\/strong> <\/p>\n\n\n\n<div  class=\"tribe-compatibility-container\" >\n\t<div\n\t\t class=\"tribe-common tribe-events tribe-events-view tribe-events-view--widget-events-list tribe-events-widget\" \t\tdata-js=\"tribe-events-view\"\n\t\tdata-view-rest-url=\"https:\/\/cslimoges.fr\/site\/wp-json\/tribe\/views\/v2\/html\"\n\t\tdata-view-manage-url=\"1\"\n\t\t\t\t\t\t\tdata-view-breakpoint-pointer=\"f2bc1ff0-dd04-4525-873c-87dcb3aed4b6\"\n\t\t\t>\n\t\t<div class=\"tribe-events-widget-events-list\">\n\n\t\t\t\n\t\t\t<script data-js=\"tribe-events-view-data\" type=\"application\/json\">\n\t{\"slug\":\"widget-events-list\",\"prev_url\":\"\",\"next_url\":\"\",\"view_class\":\"Tribe\\\\Events\\\\Views\\\\V2\\\\Views\\\\Widgets\\\\Widget_List_View\",\"view_slug\":\"widget-events-list\",\"view_label\":\"View\",\"view\":null,\"should_manage_url\":true,\"id\":null,\"alias-slugs\":null,\"title\":\"Prochains \\u00c9v\\u00e8nements \\u2013 Club du Soleil de Limoges\",\"limit\":\"5\",\"no_upcoming_events\":false,\"featured_events_only\":false,\"jsonld_enable\":true,\"tribe_is_list_widget\":false,\"admin_fields\":{\"title\":{\"label\":\"Titre\\u00a0:\",\"type\":\"text\",\"parent_classes\":\"\",\"classes\":\"\",\"dependency\":\"\",\"id\":\"widget-tribe-widget-events-list--1-title\",\"name\":\"widget-tribe-widget-events-list[-1][title]\",\"options\":[],\"placeholder\":\"\",\"value\":null},\"limit\":{\"label\":\"Afficher\\u00a0:\",\"type\":\"number\",\"default\":5,\"min\":1,\"max\":10,\"step\":1,\"parent_classes\":\"\",\"classes\":\"\",\"dependency\":\"\",\"id\":\"widget-tribe-widget-events-list--1-limit\",\"name\":\"widget-tribe-widget-events-list[-1][limit]\",\"options\":[],\"placeholder\":\"\",\"value\":null},\"no_upcoming_events\":{\"label\":\"Cacher ce widget s\\u2019il n\\u2019y a pas d\\u2019\\u00e9v\\u00e8nements \\u00e0 venir.\",\"type\":\"checkbox\",\"parent_classes\":\"\",\"classes\":\"\",\"dependency\":\"\",\"id\":\"widget-tribe-widget-events-list--1-no_upcoming_events\",\"name\":\"widget-tribe-widget-events-list[-1][no_upcoming_events]\",\"options\":[],\"placeholder\":\"\",\"value\":null},\"featured_events_only\":{\"label\":\"Limiter uniquement pour les \\u00e9v\\u00e8nements mis en avant\",\"type\":\"checkbox\",\"parent_classes\":\"\",\"classes\":\"\",\"dependency\":\"\",\"id\":\"widget-tribe-widget-events-list--1-featured_events_only\",\"name\":\"widget-tribe-widget-events-list[-1][featured_events_only]\",\"options\":[],\"placeholder\":\"\",\"value\":null},\"jsonld_enable\":{\"label\":\"G\\u00e9n\\u00e9rer les donn\\u00e9es JSON-LD\",\"type\":\"checkbox\",\"parent_classes\":\"\",\"classes\":\"\",\"dependency\":\"\",\"id\":\"widget-tribe-widget-events-list--1-jsonld_enable\",\"name\":\"widget-tribe-widget-events-list[-1][jsonld_enable]\",\"options\":[],\"placeholder\":\"\",\"value\":null}},\"events\":[],\"url\":\"https:\\\/\\\/cslimoges.fr\\\/site\\\/?post_type=tribe_events&eventDisplay=widget-events-list\",\"url_event_date\":false,\"bar\":{\"keyword\":\"\",\"date\":\"\"},\"today\":\"2026-08-31 00:00:00\",\"now\":\"2026-08-31 05:42:21\",\"home_url\":\"https:\\\/\\\/cslimoges.fr\\\/site\",\"rest_url\":\"https:\\\/\\\/cslimoges.fr\\\/site\\\/wp-json\\\/tribe\\\/views\\\/v2\\\/html\",\"rest_method\":\"GET\",\"rest_nonce\":\"\",\"today_url\":\"https:\\\/\\\/cslimoges.fr\\\/site\\\/?post_type=tribe_events&eventDisplay=widget-events-list&rest_route=%2Fwp%2Fv2%2Fpages%2F16\",\"today_title\":\"Cliquer pour s\\u00e9lectionner la date du jour\",\"today_label\":\"Aujourd\\u2019hui\",\"prev_label\":\"\",\"next_label\":\"\",\"date_formats\":{\"compact\":\"m\\\/d\\\/Y\",\"month_and_year_compact\":\"m\\\/Y\",\"month_and_year\":\"F Y\",\"time_range_separator\":\" - \",\"date_time_separator\":\" @ \"},\"messages\":{\"notice\":[\"Il n\\u2019y a pas d\\u2019\\u00e9v\\u00e8nements \\u00e0 venir.\"]},\"start_of_week\":\"1\",\"header_title\":\"\",\"header_title_element\":\"h1\",\"content_title\":\"\",\"show_content_title\":false,\"breadcrumbs\":[],\"backlink\":false,\"before_events\":\"\",\"after_events\":\"\\n<!--\\nThis calendar is powered by The Events Calendar.\\nhttp:\\\/\\\/evnt.is\\\/18wn\\n-->\\n\",\"display_events_bar\":false,\"disable_event_search\":false,\"live_refresh\":true,\"ical\":{\"display_link\":true,\"link\":{\"url\":\"https:\\\/\\\/cslimoges.fr\\\/site\\\/?post_type=tribe_events&#038;eventDisplay=widget-events-list&#038;ical=1\",\"text\":\"Exporter \\u00c9v\\u00e8nements\",\"title\":\"Utilisez ceci pour partager les donn\\u00e9es de calendrier avec Google Calendar, Apple iCal et d\\u2019autres applications compatibles\"}},\"container_classes\":[\"tribe-common\",\"tribe-events\",\"tribe-events-view\",\"tribe-events-view--widget-events-list\",\"tribe-events-widget\"],\"container_data\":[],\"is_past\":false,\"breakpoints\":{\"xsmall\":500,\"medium\":768,\"full\":960},\"breakpoint_pointer\":\"f2bc1ff0-dd04-4525-873c-87dcb3aed4b6\",\"is_initial_load\":false,\"public_views\":{\"list\":{\"view_class\":\"Tribe\\\\Events\\\\Views\\\\V2\\\\Views\\\\List_View\",\"view_url\":\"https:\\\/\\\/cslimoges.fr\\\/site\\\/agenda\\\/liste\\\/\",\"view_label\":\"Liste\",\"aria_label\":\"Display \\u00c9v\\u00e8nements in Liste View\"},\"month\":{\"view_class\":\"Tribe\\\\Events\\\\Views\\\\V2\\\\Views\\\\Month_View\",\"view_url\":\"https:\\\/\\\/cslimoges.fr\\\/site\\\/agenda\\\/mois\\\/\",\"view_label\":\"Mois\",\"aria_label\":\"Display \\u00c9v\\u00e8nements in Mois View\"},\"day\":{\"view_class\":\"Tribe\\\\Events\\\\Views\\\\V2\\\\Views\\\\Day_View\",\"view_url\":\"https:\\\/\\\/cslimoges.fr\\\/site\\\/agenda\\\/aujourdhui\\\/\",\"view_label\":\"Jour\",\"aria_label\":\"Display \\u00c9v\\u00e8nements in Jour View\"}},\"show_latest_past\":false,\"past\":false,\"category_colors_enabled\":false,\"category_colors_category_dropdown\":[{\"slug\":\"cs_bosredon\",\"name\":\"Bos Redon\",\"priority\":0,\"primary\":\"#18a500\",\"hidden\":false},{\"slug\":\"national\",\"name\":\"National\",\"priority\":0,\"primary\":\"#dd3333\",\"hidden\":false},{\"slug\":\"cs_piscine\",\"name\":\"Piscine\",\"priority\":0,\"primary\":\"#2453e2\",\"hidden\":false},{\"slug\":\"vie-de-lassociation\",\"name\":\"Vie de l'association\",\"priority\":0,\"primary\":\"#1e73be\",\"hidden\":false}],\"category_colors_super_power\":false,\"category_colors_show_reset_button\":false,\"compatibility_classes\":[\"tribe-compatibility-container\"],\"view_more_text\":\"Voir le calendrier\",\"view_more_title\":\"Voir plus d\\u2019\\u00e9v\\u00e8nements.\",\"view_more_link\":\"https:\\\/\\\/cslimoges.fr\\\/site\\\/agenda\\\/\",\"widget_title\":\"\",\"hide_if_no_upcoming_events\":false,\"display\":[],\"subscribe_links\":{\"gcal\":{\"label\":\"Google Agenda\",\"single_label\":\"Ajouter \\u00e0 Google Agenda\",\"visible\":true,\"block_slug\":\"hasGoogleCalendar\"},\"ical\":{\"label\":\"iCalendar\",\"single_label\":\"Ajouter \\u00e0 iCalendar\",\"visible\":true,\"block_slug\":\"hasiCal\"},\"outlook-365\":{\"label\":\"Outlook 365\",\"single_label\":\"Outlook 365\",\"visible\":true,\"block_slug\":\"hasOutlook365\"},\"outlook-live\":{\"label\":\"Outlook Live\",\"single_label\":\"Outlook Live\",\"visible\":true,\"block_slug\":\"hasOutlookLive\"},\"ics\":{\"label\":\"Exporter le fichier .ics\",\"single_label\":\"Exporter le fichier .ics\",\"visible\":true,\"block_slug\":null},\"outlook-ics\":{\"label\":\"Exporter le fichier Outlook .ics\",\"single_label\":\"Exporter le fichier Outlook .ics\",\"visible\":true,\"block_slug\":null}},\"_context\":{\"slug\":\"widget-events-list\"}}<\/script>\n\n\t\t\t\n\t\t\t\n\t\t\t\t<div  class=\"tribe-events-header__messages tribe-events-c-messages tribe-common-b2\"  >\n\t\t\t<div class=\"tribe-events-c-messages__message tribe-events-c-messages__message--notice\" tabindex=\"0\" role=\"alert\" aria-live=\"assertive\">\n\t\t\t<svg\n\t class=\"tribe-common-c-svgicon tribe-common-c-svgicon--messages-not-found tribe-events-c-messages__message-icon-svg\" \taria-hidden=\"true\"\n\tviewBox=\"0 0 21 23\"\n\txmlns=\"http:\/\/www.w3.org\/2000\/svg\"\n>\n\t<g fill-rule=\"evenodd\">\n\t\t<path d=\"M.5 2.5h20v20H.5z\"\/>\n\t\t<path stroke-linecap=\"round\" d=\"M7.583 11.583l5.834 5.834m0-5.834l-5.834 5.834\" class=\"tribe-common-c-svgicon__svg-stroke\"\/>\n\t\t<path stroke-linecap=\"round\" d=\"M4.5.5v4m12-4v4\"\/>\n\t\t<path stroke-linecap=\"square\" d=\"M.5 7.5h20\"\/>\n\t<\/g>\n<\/svg>\n<span class=\"tribe-common-a11y-visual-hide\">\n\tNotice<\/span>\n\t\t\t\t\t\t\t<div\n\t\t\t\t\t data-key=\"0\" >\n\t\t\t\t\tIl n\u2019y a pas d\u2019\u00e9v\u00e8nements \u00e0 venir.\t\t\t\t<\/div>\n\t\t\t\t\t<\/div>\n\t<\/div>\n\n\t\t\t\t\t<\/div>\n\t<\/div>\n<\/div>\n<script data-js='tribe-events-view-nonce-data' type='application\/json'>{\"tvn1\":\"45466ca5bd\",\"tvn2\":\"\"}<\/script>\n\n\n\n<div style=\"height:29px\" aria-hidden=\"true\" class=\"wp-block-spacer\"><\/div>\n<\/div><\/div>\n\n\n\n<p class=\"has-text-align-left wp-block-paragraph\"><span style=\"color: #000000; font-family: 'trebuchet ms', geneva, sans-serif; font-size: 14pt;\">Le <strong>Club du Soleil de LIMOGES<\/strong> est affili\u00e9 \u00e0 :<\/span><\/p>\n\n\n\n<p class=\"wp-block-paragraph\">&nbsp;<\/p>\n\n\n\n<figure class=\"wp-block-image\"><a href=\"https:\/\/www.ffn-naturisme.com\/\" target=\"_blank\" rel=\" noreferrer noopener\"><img loading=\"lazy\" decoding=\"async\" width=\"300\" height=\"78\" src=\"https:\/\/cslimoges.fr\/site\/wp-content\/uploads\/2022\/01\/Logo_FFN_2013-300x78.gif\" alt=\"\" class=\"wp-image-2336\"\/><\/a><\/figure>\n\n\n\n<p class=\"wp-block-paragraph\"><\/p>\n\n\n\n<p class=\"wp-block-paragraph\"><\/p>\n\n\n\n<p class=\"wp-block-paragraph\"><\/p>\n\n\n\n<p class=\"has-text-align-center wp-block-paragraph\"><span style=\"font-family: 'trebuchet ms', geneva, sans-serif;\"><strong><span style=\"color: #f20079;\"><em><span style=\"font-size: 14pt;\">&nbsp;<\/span><\/em><\/span><\/strong><\/span><\/p>\n\n\n\n<p class=\"has-text-align-center wp-block-paragraph\"><\/p>\n\n\n\n<p class=\"wp-block-paragraph\"><\/p>\n","protected":false},"excerpt":{"rendered":"<p>Bienvenue au Club du Soleil de Limoges ! Avant d&rsquo;aller plus loin, sachez que vous venez d&rsquo;acc\u00e9der \u00e0 un site naturiste tenu par des naturistes, pour des naturistes. Vous ne trouverez pas ici de photos \u00ab\u00a0croustillantes\u00a0\u00bb. \u2028 Si vous cherchez \u00e0 d\u00e9couvrir un mode de vie, \u00e0 connaitre notre Club et nos activit\u00e9s, Si vous chercher un camping naturiste Soyez le bienve&#8230;nu(e) !\u2028 \ud83c\udfd5\ufe0f \ud83c\udfd5\ufe0f\ud83c\udfd5\ufe0f Le camping de Bos-Redon a ferm\u00e9 ses portes hier, nous esp\u00e9rons que les campeurs de cette ann\u00e9e ont pass\u00e9 un bon s\u00e9jour et nous nous donnons rendez-vous d\u00e8s l&rsquo;an prochain ! \ud83c\udfd5\ufe0f\ud83c\udfd5\ufe0f\ud83c\udfd5\ufe0f Le club met en vente une collection de T-shirt avec le nouveau logo du club. Vous pouvez les retrouver sur HELLO ASSO : \ud83d\uded2 ICI \ud83d\uded2 En ce moment le Club organise : Le Club du Soleil de LIMOGES est affili\u00e9 \u00e0 : &nbsp; &nbsp;<\/p>\n","protected":false},"author":108,"featured_media":0,"parent":0,"menu_order":0,"comment_status":"closed","ping_status":"closed","template":"","meta":{"footnotes":""},"class_list":["post-16","page","type-page","status-publish","hentry"],"acf":[],"_links":{"self":[{"href":"https:\/\/cslimoges.fr\/site\/wp-json\/wp\/v2\/pages\/16","targetHints":{"allow":["GET"]}}],"collection":[{"href":"https:\/\/cslimoges.fr\/site\/wp-json\/wp\/v2\/pages"}],"about":[{"href":"https:\/\/cslimoges.fr\/site\/wp-json\/wp\/v2\/types\/page"}],"author":[{"embeddable":true,"href":"https:\/\/cslimoges.fr\/site\/wp-json\/wp\/v2\/users\/108"}],"replies":[{"embeddable":true,"href":"https:\/\/cslimoges.fr\/site\/wp-json\/wp\/v2\/comments?post=16"}],"version-history":[{"count":101,"href":"https:\/\/cslimoges.fr\/site\/wp-json\/wp\/v2\/pages\/16\/revisions"}],"predecessor-version":[{"id":4902,"href":"https:\/\/cslimoges.fr\/site\/wp-json\/wp\/v2\/pages\/16\/revisions\/4902"}],"wp:attachment":[{"href":"https:\/\/cslimoges.fr\/site\/wp-json\/wp\/v2\/media?parent=16"}],"curies":[{"name":"wp","href":"https:\/\/api.w.org\/{rel}","templated":true}]}}